{"id":275,"date":"2022-11-30T11:16:25","date_gmt":"2022-11-30T10:16:25","guid":{"rendered":"http:\/\/alingui.ch\/?page_id=275"},"modified":"2023-02-23T15:32:26","modified_gmt":"2023-02-23T14:32:26","slug":"services-interpretation-traduction-services-linguistiques","status":"publish","type":"page","link":"https:\/\/alingui.ch\/fr\/services-interpretation-traduction-services-linguistiques\/","title":{"rendered":"Services"},"content":{"rendered":"\n<div class=\"wp-block-stackable-heading alignwide stk-block-heading stk-block stk-2ea3350 stk-block-background stk--has-background-overlay\" id=\"services\" data-block-id=\"2ea3350\"><style>.stk-2ea3350{background-color:#02b134 !important}.stk-2ea3350:before{background-image:linear-gradient(90deg,#02b134 0%,#ffffff 100%) !important}.stk-2ea3350 .stk-block-heading__text{font-size:70px !important;color:var(--ast-global-color-5) !important;font-family:\"Akshar\",Sans-serif !important}@media screen and (max-width:1023px){.stk-2ea3350 .stk-block-heading__text{font-size:50px !important}}<\/style><h1 class=\"stk-block-heading__text has-text-color has-ast-global-color-5-color has-text-align-left\">Services<\/h1><\/div>\n\n\n\n<div class=\"wp-block-getwid-section alignfull alignfull getwid-anim fadeInRight getwid-section-content-custom-width\" data-wow-duration=\"2000ms\" data-wow-delay=\"200ms\"><div class=\"wp-block-getwid-section__wrapper getwid-padding-top-small getwid-padding-left-medium getwid-padding-right-medium\" style=\"padding-bottom:0px\"><div class=\"wp-block-getwid-section__inner-wrapper\" style=\"max-width:2000px\"><div class=\"wp-block-getwid-section__background-holder\"><div class=\"wp-block-getwid-section__background\"><\/div><div class=\"wp-block-getwid-section__foreground\" style=\"opacity:0.26\"><\/div><\/div><div class=\"wp-block-getwid-section__content\"><div class=\"wp-block-getwid-section__inner-content\">\n<div class=\"wp-block-stackable-spacer stk-block-spacer stk--no-padding stk-block stk-74fd416\" data-block-id=\"74fd416\"><style>.stk-74fd416{height:50px !important}<\/style><\/div>\n\n\n\n<div class=\"wp-block-columns has-3-columns is-layout-flex wp-container-core-columns-is-layout-28f84493 wp-block-columns-is-layout-flex\">\n<div class=\"wp-block-column is-layout-flow wp-block-column-is-layout-flow\">\n<div class=\"wp-block-getwid-icon-box has-text-center\"><div style=\"margin-top:0px;margin-bottom:0px;margin-left:0px;margin-right:0px\" class=\"wp-block-getwid-icon-box__icon-container has-layout-stacked is-position-top\"><div class=\"wp-block-getwid-icon-box__icon-wrapper has-background has-text-color\" style=\"font-size:50px;padding:7px;color:#000000;background-color:#02b134;border-radius:100%\"><i class=\"fas fa-microphone-alt\"><\/i><\/div><\/div><div class=\"wp-block-getwid-icon-box__content\">\n<div class=\"wp-block-stackable-spacer stk-block-spacer stk--no-padding stk-block stk-cf9143c\" data-block-id=\"cf9143c\"><style>.stk-cf9143c{height:25px !important}<\/style><\/div>\n\n\n\n<div class=\"wp-block-getwid-advanced-heading has-custom-font-size\" id=\"Interpr\u00e9tation\" style=\"font-size:35px\"><h2 class=\"wp-block-getwid-advanced-heading__content\" style=\"font-family:&quot;Josefin Sans&quot;;font-weight:700;text-transform:none\">Interpr\u00e9tation <\/h2><\/div>\n\n\n\n<p class=\"has-medium-font-size\" style=\"font-style:normal;font-weight:800;line-height:1.7\"><strong>Vous organisez un \u00e9v\u00e9nement !<\/strong><\/p>\n\n\n\n<p>Conf\u00e9rence, formation, n\u00e9gociation, etc.<\/p>\n\n\n\n<p style=\"line-height:1.3\">Sujets : sant\u00e9, \u00e9ducation, culture, droit, recherche, action sociale, autres<\/p>\n\n\n\n<p style=\"margin-top:30px;margin-right:30px;margin-bottom:30px;margin-left:30px\">Un savoir-faire de qualit\u00e9  <\/p>\n\n\n\n<p style=\"line-height:1.3\">Langues : fran\u00e7ais, allemand, suisse allemand, anglais, italien, espagnol, russe, tch\u00e8que, autres<\/p>\n\n\n\n<div class=\"wp-block-buttons is-content-justification-center is-layout-flex wp-container-core-buttons-is-layout-23a043ba wp-block-buttons-is-layout-flex\">\n<div class=\"wp-block-button aligncenter has-custom-width wp-block-button__width-50 is-style-fill\"><a class=\"wp-block-button__link has-background-color has-text-color has-background wp-element-button\" href=\"http:\/\/alingui.ch\/fr\/alingui-contact-traduction-interpretation\/\" style=\"border-radius:0px;background-color:#02b134\">Contact<\/a><\/div>\n<\/div>\n<\/div><\/div>\n<\/div>\n\n\n\n<div class=\"wp-block-column is-layout-flow wp-block-column-is-layout-flow\">\n<div class=\"wp-block-getwid-icon-box has-text-center\"><div style=\"margin-top:0px;margin-bottom:0px;margin-left:0px;margin-right:0px\" class=\"wp-block-getwid-icon-box__icon-container has-layout-stacked is-position-top\"><div class=\"wp-block-getwid-icon-box__icon-wrapper has-background has-text-color\" style=\"font-size:50px;padding:7px;color:#000000;background-color:#2ac52b;border-radius:100%\"><i class=\"fas fa-pen-fancy\"><\/i><\/div><\/div><div class=\"wp-block-getwid-icon-box__content\">\n<div class=\"wp-block-stackable-spacer stk-block-spacer stk--no-padding stk-block stk-161675c\" data-block-id=\"161675c\"><style>.stk-161675c{height:25px !important}<\/style><\/div>\n\n\n\n<div class=\"wp-block-getwid-advanced-heading has-custom-font-size\" id=\"Traduction\" style=\"font-size:35px\"><h2 class=\"wp-block-getwid-advanced-heading__content\" style=\"font-family:&quot;Josefin Sans&quot;;font-weight:700\">Traduction<\/h2><\/div>\n\n\n\n<p class=\"has-medium-font-size\" style=\"padding-top:0;padding-right:0;padding-bottom:0;padding-left:0\"><strong>Vous voulez traduire un document ?<\/strong><\/p>\n\n\n\n<p>  Rapport, article, \u00e9tude, etc.<\/p>\n\n\n\n<p style=\"line-height:1.3\">Domaines : environnement, \u00e9nergie, psychologie, politique, autres<\/p>\n\n\n\n<p>Plus de 15 ans d&rsquo;exp\u00e9rience<\/p>\n\n\n\n<p style=\"line-height:1.3\">Langues : fran\u00e7ais, allemand, anglais, italien, espagnol, russe, tch\u00e8que, autres<\/p>\n<\/div><\/div>\n\n\n\n<div class=\"wp-block-buttons is-content-justification-center is-layout-flex wp-container-core-buttons-is-layout-a89b3969 wp-block-buttons-is-layout-flex\">\n<div class=\"wp-block-button aligncenter has-custom-width wp-block-button__width-50 is-style-fill\"><a class=\"wp-block-button__link has-background-color has-text-color has-background wp-element-button\" href=\"http:\/\/alingui.ch\/fr\/alingui-contact-traduction-interpretation\/\" style=\"border-radius:0px;background-color:#02b134\">Contact<\/a><\/div>\n<\/div>\n<\/div>\n\n\n\n<div class=\"wp-block-column is-layout-flow wp-block-column-is-layout-flow\">\n<div class=\"wp-block-getwid-icon-box has-text-center\"><div style=\"margin-top:0px;margin-bottom:0px;margin-left:0px;margin-right:0px\" class=\"wp-block-getwid-icon-box__icon-container has-layout-stacked is-position-top\"><div class=\"wp-block-getwid-icon-box__icon-wrapper has-background has-text-color\" style=\"font-size:50px;padding:7px;color:#000000;background-color:#2ac52b;border-radius:100%\"><i class=\"fas fa-book\"><\/i><\/div><\/div><div class=\"wp-block-getwid-icon-box__content\">\n<div class=\"wp-block-stackable-spacer stk-block-spacer stk--no-padding stk-block stk-779cc6b\" data-block-id=\"779cc6b\"><style>.stk-779cc6b{height:25px !important}<\/style><\/div>\n\n\n\n<div class=\"wp-block-getwid-advanced-heading has-custom-font-size\" id=\"Traduction-litt\u00e9raire\" style=\"font-size:35px\"><h2 class=\"wp-block-getwid-advanced-heading__content\" style=\"font-family:&quot;Josefin Sans&quot;;font-weight:700\">Traduction litt\u00e9raire     <\/h2><\/div>\n\n\n\n<p class=\"has-medium-font-size\"><strong>Quel que soit votre ouvrage&#8230;<\/strong><\/p>\n\n\n\n<p>R\u00e9cit, BD, fiction, documentaire, etc.<\/p>\n\n\n\n<p style=\"line-height:1.3\">Th\u00e8mes : \u00e9conomie, sociologie, art, histoire, jeunesse, voyage, sport<\/p>\n\n\n\n<p>Comp\u00e9tence et engagement<\/p>\n\n\n\n<p style=\"margin-top:35px;margin-right:35px;margin-bottom:35px;margin-left:35px\">Langues : allemand, anglais, fran\u00e7ais <\/p>\n<\/div><\/div>\n\n\n\n<div class=\"wp-block-buttons is-horizontal is-content-justification-center is-layout-flex wp-container-core-buttons-is-layout-c2eeab29 wp-block-buttons-is-layout-flex\">\n<div class=\"wp-block-button aligncenter has-custom-width wp-block-button__width-50 is-style-fill\"><a class=\"wp-block-button__link has-background-color has-text-color has-background wp-element-button\" href=\"http:\/\/alingui.ch\/fr\/alingui-contact-traduction-interpretation\/\" style=\"border-radius:0px;background-color:#02b134\">Contact<\/a><\/div>\n<\/div>\n<\/div>\n<\/div>\n\n\n\n<div class=\"wp-block-columns is-layout-flex wp-container-core-columns-is-layout-28f84493 wp-block-columns-is-layout-flex\">\n<div class=\"wp-block-column is-layout-flow wp-block-column-is-layout-flow\">\n<div class=\"wp-block-getwid-icon-box has-text-center\"><div style=\"margin-top:-20px;margin-bottom:-20px;margin-left:-20px;margin-right:-20px\" class=\"wp-block-getwid-icon-box__icon-container is-position-top\"><div class=\"wp-block-getwid-icon-box__icon-wrapper\"><i class=\"\"><\/i><\/div><\/div><div class=\"wp-block-getwid-icon-box__content\">\n<div class=\"wp-block-getwid-icon-box has-text-center\"><div style=\"margin-top:0px;margin-bottom:0px;margin-left:0px;margin-right:0px\" class=\"wp-block-getwid-icon-box__icon-container has-layout-stacked is-position-top\"><div class=\"wp-block-getwid-icon-box__icon-wrapper has-background has-text-color\" style=\"font-size:50px;padding:7px;color:#000000;background-color:#2ac52b;border-radius:100%\"><i class=\"fas fa-sort-alpha-down\"><\/i><\/div><\/div><div class=\"wp-block-getwid-icon-box__content\">\n<div class=\"wp-block-stackable-spacer stk-block-spacer stk--no-padding stk-block stk-712c71b\" data-block-id=\"712c71b\"><style>.stk-712c71b{height:25px !important}<\/style><\/div>\n\n\n\n<div class=\"wp-block-getwid-advanced-heading has-custom-font-size\" id=\"Autres-services\" style=\"font-size:35px\"><h2 class=\"wp-block-getwid-advanced-heading__content\" style=\"font-family:&quot;Josefin Sans&quot;;font-weight:700\">Autres services  <\/h2><\/div>\n\n\n\n<p class=\"has-medium-font-size\"><strong>Besoin d&rsquo;une expertise linguistique ?<\/strong><\/p>\n\n\n\n<p>Gestion de projets multilingues<\/p>\n\n\n\n<p>R\u00e9vision, relecture, localisation  <\/p>\n\n\n\n<p>Cr\u00e9ation de glossaires et bases terminologiques<\/p>\n\n\n\n<p style=\"line-height:1.3\">Langues : fran\u00e7ais, allemand, anglais, italien, espagnol, russe, tch\u00e8que, autres.     <\/p>\n\n\n\n<div class=\"wp-block-buttons is-content-justification-center is-layout-flex wp-container-core-buttons-is-layout-23a043ba wp-block-buttons-is-layout-flex\">\n<div class=\"wp-block-button aligncenter has-custom-width wp-block-button__width-50 is-style-fill\"><a class=\"wp-block-button__link has-background-color has-text-color has-background wp-element-button\" href=\"http:\/\/alingui.ch\/fr\/alingui-contact-traduction-interpretation\/\" style=\"border-radius:0px;background-color:#02b134\">Contact<\/a><\/div>\n<\/div>\n<\/div><\/div>\n<\/div><\/div>\n<\/div>\n\n\n\n<div class=\"wp-block-column is-layout-flow wp-block-column-is-layout-flow\">\n<div class=\"wp-block-getwid-icon-box has-text-center\"><div style=\"margin-top:-20px;margin-bottom:-20px;margin-left:-20px;margin-right:-20px\" class=\"wp-block-getwid-icon-box__icon-container is-position-top\"><div class=\"wp-block-getwid-icon-box__icon-wrapper\"><i class=\"\"><\/i><\/div><\/div><div class=\"wp-block-getwid-icon-box__content\">\n<div class=\"wp-block-getwid-icon-box has-text-center\"><div style=\"margin-top:-13px;margin-bottom:0px;margin-left:0px;margin-right:0px\" class=\"wp-block-getwid-icon-box__icon-container has-layout-stacked is-position-top\"><div class=\"wp-block-getwid-icon-box__icon-wrapper has-background has-text-color\" style=\"font-size:50px;padding:7px;color:#000000;background-color:#2ac52b;border-radius:100%\"><i class=\"fas fa-check\"><\/i><\/div><\/div><div class=\"wp-block-getwid-icon-box__content\">\n<div class=\"wp-block-stackable-spacer stk-block-spacer stk--no-padding stk-block stk-5da8768\" data-block-id=\"5da8768\"><style>.stk-5da8768{height:25px !important}<\/style><\/div>\n\n\n\n<div class=\"wp-block-getwid-advanced-heading has-custom-font-size\" style=\"font-size:35px\"><h2 class=\"wp-block-getwid-advanced-heading__content\" style=\"font-family:&quot;Josefin Sans&quot;;font-weight:700\">Devis<\/h2><\/div>\n\n\n\n<p class=\"has-medium-font-size\" style=\"font-style:normal;font-weight:600\">Une offre sur mesure pour chaque projet !<\/p>\n\n\n\n<p style=\"line-height:1.3\">Contact direct<\/p>\n\n\n\n<p>\u00c9coute et r\u00e9activit\u00e9 <\/p>\n\n\n\n<p>Calcul personnalis\u00e9 <\/p>\n<\/div><\/div>\n\n\n\n<p>Respect des d\u00e9lais <\/p>\n\n\n\n<div class=\"wp-block-buttons is-content-justification-center is-layout-flex wp-container-core-buttons-is-layout-a89b3969 wp-block-buttons-is-layout-flex\">\n<div class=\"wp-block-button aligncenter has-custom-width wp-block-button__width-50 is-style-fill\"><a class=\"wp-block-button__link has-background-color has-text-color has-background wp-element-button\" href=\"http:\/\/alingui.ch\/fr\/alingui-contact-traduction-interpretation\/\" style=\"border-radius:0px;background-color:#02b134\">Contact<\/a><\/div>\n<\/div>\n<\/div><\/div>\n<\/div>\n<\/div>\n<\/div><\/div><\/div><\/div><\/div>\n\n\n\n<div class=\"wp-block-stackable-spacer stk-block-spacer stk--no-padding stk-block stk-89d311c\" data-block-id=\"89d311c\"><\/div>\n\n\n\n<hr class=\"wp-block-separator has-alpha-channel-opacity is-style-default\"\/>\n\n\n\n<div class=\"wp-block-stackable-heading stk-block-heading stk-block stk-ebb8215\" id=\"Normes\" data-block-id=\"ebb8215\"><style>.stk-ebb8215{margin-bottom:37px !important}.stk-ebb8215 .stk-block-heading__text{font-family:\"Akshar\",Sans-serif !important}<\/style><h4 class=\"stk-block-heading__text has-text-align-center\"><em>Reconnue par l&rsquo;Association suisse des traducteurs et terminologues (ASTTI), Pro Helvetia et le Centre de traduction litt\u00e9raire de Lausanne, Andr\u00e9ane Leclercq applique pour alingui les tarifs en vigueur sur le march\u00e9 suisse.<\/em><\/h4><\/div>\n","protected":false},"excerpt":{"rendered":"<p>Services Reconnue par l&rsquo;Association suisse des traducteurs et terminologues (ASTTI), Pro Helvetia et le Centre de traduction litt\u00e9raire de Lausanne, Andr\u00e9ane Leclercq applique pour alingui les tarifs en vigueur sur le march\u00e9 suisse.<\/p>\n","protected":false},"author":1,"featured_media":0,"parent":0,"menu_order":0,"comment_status":"closed","ping_status":"closed","template":"","meta":{"site-sidebar-layout":"default","site-content-layout":"","ast-site-content-layout":"default","site-content-style":"default","site-sidebar-style":"default","ast-global-header-display":"","ast-banner-title-visibility":"","ast-main-header-display":"","ast-hfb-above-header-display":"","ast-hfb-below-header-display":"","ast-hfb-mobile-header-display":"","site-post-title":"disabled","ast-breadcrumbs-content":"","ast-featured-img":"","footer-sml-layout":"","theme-transparent-header-meta":"","adv-header-id-meta":"","stick-header-meta":"","header-above-stick-meta":"","header-main-stick-meta":"","header-below-stick-meta":"","astra-migrate-meta-layouts":"default","ast-page-background-enabled":"default","ast-page-background-meta":{"desktop":{"background-color":"var(--ast-global-color-4)","background-image":"","background-repeat":"repeat","background-position":"center center","background-size":"auto","background-attachment":"scroll","background-type":"","background-media":"","overlay-type":"","overlay-color":"","overlay-opacity":"","overlay-gradient":""},"tablet":{"background-color":"","background-image":"","background-repeat":"repeat","background-position":"center center","background-size":"auto","background-attachment":"scroll","background-type":"","background-media":"","overlay-type":"","overlay-color":"","overlay-opacity":"","overlay-gradient":""},"mobile":{"background-color":"","background-image":"","background-repeat":"repeat","background-position":"center center","background-size":"auto","background-attachment":"scroll","background-type":"","background-media":"","overlay-type":"","overlay-color":"","overlay-opacity":"","overlay-gradient":""}},"ast-content-background-meta":{"desktop":{"background-color":"var(--ast-global-color-5)","background-image":"","background-repeat":"repeat","background-position":"center center","background-size":"auto","background-attachment":"scroll","background-type":"","background-media":"","overlay-type":"","overlay-color":"","overlay-opacity":"","overlay-gradient":""},"tablet":{"background-color":"var(--ast-global-color-5)","background-image":"","background-repeat":"repeat","background-position":"center center","background-size":"auto","background-attachment":"scroll","background-type":"","background-media":"","overlay-type":"","overlay-color":"","overlay-opacity":"","overlay-gradient":""},"mobile":{"background-color":"var(--ast-global-color-5)","background-image":"","background-repeat":"repeat","background-position":"center center","background-size":"auto","background-attachment":"scroll","background-type":"","background-media":"","overlay-type":"","overlay-color":"","overlay-opacity":"","overlay-gradient":""}},"footnotes":""},"class_list":["post-275","page","type-page","status-publish","hentry"],"yoast_head":"<!-- This site is optimized with the Yoast SEO Premium plugin v26.4 (Yoast SEO v27.5) - https:\/\/yoast.com\/product\/yoast-seo-premium-wordpress\/ -->\n<title>alingui - Services linguistiques<\/title>\n<meta name=\"description\" content=\"alingui vous propose diff\u00e9rents services linguistiques tels que traduction, interpr\u00e9tation, traduction litt\u00e9raire et autres.\" \/>\n<meta name=\"robots\" content=\"index, follow, max-snippet:-1, max-image-preview:large, max-video-preview:-1\" \/>\n<link rel=\"canonical\" href=\"http:\/\/alingui.ch\/fr\/services-interpretation-traduction-services-linguistiques\/\" \/>\n<meta property=\"og:locale\" content=\"fr_FR\" \/>\n<meta property=\"og:type\" content=\"article\" \/>\n<meta property=\"og:title\" content=\"Services\" \/>\n<meta property=\"og:description\" content=\"alingui vous propose diff\u00e9rents services linguistiques tels que traduction, interpr\u00e9tation, traduction litt\u00e9raire et autres.\" \/>\n<meta property=\"og:url\" content=\"http:\/\/alingui.ch\/fr\/services-interpretation-traduction-services-linguistiques\/\" \/>\n<meta property=\"og:site_name\" content=\"alingui\" \/>\n<meta property=\"article:publisher\" content=\"https:\/\/www.facebook.com\/profile.php?id=100087957356267\" \/>\n<meta property=\"article:modified_time\" content=\"2023-02-23T14:32:26+00:00\" \/>\n<meta property=\"og:image\" content=\"https:\/\/alingui.ch\/wp-content\/uploads\/2022\/12\/cropped-andrA\u00a9ane_leclercq_linguistique-removebg-preview.png\" \/>\n\t<meta property=\"og:image:width\" content=\"420\" \/>\n\t<meta property=\"og:image:height\" content=\"183\" \/>\n\t<meta property=\"og:image:type\" content=\"image\/png\" \/>\n<meta name=\"twitter:card\" content=\"summary_large_image\" \/>\n<meta name=\"twitter:label1\" content=\"Dur\u00e9e de lecture estim\u00e9e\" \/>\n\t<meta name=\"twitter:data1\" content=\"1 minute\" \/>\n<script type=\"application\/ld+json\" class=\"yoast-schema-graph\">{\"@context\":\"https:\\\/\\\/schema.org\",\"@graph\":[{\"@type\":\"WebPage\",\"@id\":\"http:\\\/\\\/alingui.ch\\\/fr\\\/services-interpretation-traduction-services-linguistiques\\\/\",\"url\":\"http:\\\/\\\/alingui.ch\\\/fr\\\/services-interpretation-traduction-services-linguistiques\\\/\",\"name\":\"alingui - Services linguistiques\",\"isPartOf\":{\"@id\":\"https:\\\/\\\/alingui.ch\\\/fr\\\/#website\"},\"datePublished\":\"2022-11-30T10:16:25+00:00\",\"dateModified\":\"2023-02-23T14:32:26+00:00\",\"description\":\"alingui vous propose diff\u00e9rents services linguistiques tels que traduction, interpr\u00e9tation, traduction litt\u00e9raire et autres.\",\"breadcrumb\":{\"@id\":\"http:\\\/\\\/alingui.ch\\\/fr\\\/services-interpretation-traduction-services-linguistiques\\\/#breadcrumb\"},\"inLanguage\":\"fr-FR\",\"potentialAction\":[{\"@type\":\"ReadAction\",\"target\":[\"http:\\\/\\\/alingui.ch\\\/fr\\\/services-interpretation-traduction-services-linguistiques\\\/\"]}]},{\"@type\":\"BreadcrumbList\",\"@id\":\"http:\\\/\\\/alingui.ch\\\/fr\\\/services-interpretation-traduction-services-linguistiques\\\/#breadcrumb\",\"itemListElement\":[{\"@type\":\"ListItem\",\"position\":1,\"name\":\"Accueil\",\"item\":\"https:\\\/\\\/alingui.ch\\\/\"},{\"@type\":\"ListItem\",\"position\":2,\"name\":\"Services\"}]},{\"@type\":\"WebSite\",\"@id\":\"https:\\\/\\\/alingui.ch\\\/fr\\\/#website\",\"url\":\"https:\\\/\\\/alingui.ch\\\/fr\\\/\",\"name\":\"alingui\",\"description\":\"Qualit\u00e9 et passion\",\"publisher\":{\"@id\":\"https:\\\/\\\/alingui.ch\\\/fr\\\/#organization\"},\"alternateName\":\"alingui Services linguistiques\",\"potentialAction\":[{\"@type\":\"SearchAction\",\"target\":{\"@type\":\"EntryPoint\",\"urlTemplate\":\"https:\\\/\\\/alingui.ch\\\/fr\\\/?s={search_term_string}\"},\"query-input\":{\"@type\":\"PropertyValueSpecification\",\"valueRequired\":true,\"valueName\":\"search_term_string\"}}],\"inLanguage\":\"fr-FR\"},{\"@type\":\"Organization\",\"@id\":\"https:\\\/\\\/alingui.ch\\\/fr\\\/#organization\",\"name\":\"alingui\",\"alternateName\":\"alingui Services linguistiques\",\"url\":\"https:\\\/\\\/alingui.ch\\\/fr\\\/\",\"logo\":{\"@type\":\"ImageObject\",\"inLanguage\":\"fr-FR\",\"@id\":\"https:\\\/\\\/alingui.ch\\\/fr\\\/#\\\/schema\\\/logo\\\/image\\\/\",\"url\":\"https:\\\/\\\/alingui.ch\\\/wp-content\\\/uploads\\\/2023\\\/05\\\/cropped-alingui_francais-removebg-preview-1.png\",\"contentUrl\":\"https:\\\/\\\/alingui.ch\\\/wp-content\\\/uploads\\\/2023\\\/05\\\/cropped-alingui_francais-removebg-preview-1.png\",\"width\":663,\"height\":375,\"caption\":\"alingui\"},\"image\":{\"@id\":\"https:\\\/\\\/alingui.ch\\\/fr\\\/#\\\/schema\\\/logo\\\/image\\\/\"},\"sameAs\":[\"https:\\\/\\\/www.facebook.com\\\/profile.php?id=100087957356267\",\"https:\\\/\\\/www.linkedin.com\\\/company\\\/91549963\\\/admin\\\/\"]}]}<\/script>\n<!-- \/ Yoast SEO Premium plugin. -->","yoast_head_json":{"title":"alingui - Services linguistiques","description":"alingui vous propose diff\u00e9rents services linguistiques tels que traduction, interpr\u00e9tation, traduction litt\u00e9raire et autres.","robots":{"index":"index","follow":"follow","max-snippet":"max-snippet:-1","max-image-preview":"max-image-preview:large","max-video-preview":"max-video-preview:-1"},"canonical":"http:\/\/alingui.ch\/fr\/services-interpretation-traduction-services-linguistiques\/","og_locale":"fr_FR","og_type":"article","og_title":"Services","og_description":"alingui vous propose diff\u00e9rents services linguistiques tels que traduction, interpr\u00e9tation, traduction litt\u00e9raire et autres.","og_url":"http:\/\/alingui.ch\/fr\/services-interpretation-traduction-services-linguistiques\/","og_site_name":"alingui","article_publisher":"https:\/\/www.facebook.com\/profile.php?id=100087957356267","article_modified_time":"2023-02-23T14:32:26+00:00","og_image":[{"width":420,"height":183,"url":"https:\/\/alingui.ch\/wp-content\/uploads\/2022\/12\/cropped-andrA\u00a9ane_leclercq_linguistique-removebg-preview.png","type":"image\/png"}],"twitter_card":"summary_large_image","twitter_misc":{"Dur\u00e9e de lecture estim\u00e9e":"1 minute"},"schema":{"@context":"https:\/\/schema.org","@graph":[{"@type":"WebPage","@id":"http:\/\/alingui.ch\/fr\/services-interpretation-traduction-services-linguistiques\/","url":"http:\/\/alingui.ch\/fr\/services-interpretation-traduction-services-linguistiques\/","name":"alingui - Services linguistiques","isPartOf":{"@id":"https:\/\/alingui.ch\/fr\/#website"},"datePublished":"2022-11-30T10:16:25+00:00","dateModified":"2023-02-23T14:32:26+00:00","description":"alingui vous propose diff\u00e9rents services linguistiques tels que traduction, interpr\u00e9tation, traduction litt\u00e9raire et autres.","breadcrumb":{"@id":"http:\/\/alingui.ch\/fr\/services-interpretation-traduction-services-linguistiques\/#breadcrumb"},"inLanguage":"fr-FR","potentialAction":[{"@type":"ReadAction","target":["http:\/\/alingui.ch\/fr\/services-interpretation-traduction-services-linguistiques\/"]}]},{"@type":"BreadcrumbList","@id":"http:\/\/alingui.ch\/fr\/services-interpretation-traduction-services-linguistiques\/#breadcrumb","itemListElement":[{"@type":"ListItem","position":1,"name":"Accueil","item":"https:\/\/alingui.ch\/"},{"@type":"ListItem","position":2,"name":"Services"}]},{"@type":"WebSite","@id":"https:\/\/alingui.ch\/fr\/#website","url":"https:\/\/alingui.ch\/fr\/","name":"alingui","description":"Qualit\u00e9 et passion","publisher":{"@id":"https:\/\/alingui.ch\/fr\/#organization"},"alternateName":"alingui Services linguistiques","potentialAction":[{"@type":"SearchAction","target":{"@type":"EntryPoint","urlTemplate":"https:\/\/alingui.ch\/fr\/?s={search_term_string}"},"query-input":{"@type":"PropertyValueSpecification","valueRequired":true,"valueName":"search_term_string"}}],"inLanguage":"fr-FR"},{"@type":"Organization","@id":"https:\/\/alingui.ch\/fr\/#organization","name":"alingui","alternateName":"alingui Services linguistiques","url":"https:\/\/alingui.ch\/fr\/","logo":{"@type":"ImageObject","inLanguage":"fr-FR","@id":"https:\/\/alingui.ch\/fr\/#\/schema\/logo\/image\/","url":"https:\/\/alingui.ch\/wp-content\/uploads\/2023\/05\/cropped-alingui_francais-removebg-preview-1.png","contentUrl":"https:\/\/alingui.ch\/wp-content\/uploads\/2023\/05\/cropped-alingui_francais-removebg-preview-1.png","width":663,"height":375,"caption":"alingui"},"image":{"@id":"https:\/\/alingui.ch\/fr\/#\/schema\/logo\/image\/"},"sameAs":["https:\/\/www.facebook.com\/profile.php?id=100087957356267","https:\/\/www.linkedin.com\/company\/91549963\/admin\/"]}]}},"_links":{"self":[{"href":"https:\/\/alingui.ch\/fr\/wp-json\/wp\/v2\/pages\/275","targetHints":{"allow":["GET"]}}],"collection":[{"href":"https:\/\/alingui.ch\/fr\/wp-json\/wp\/v2\/pages"}],"about":[{"href":"https:\/\/alingui.ch\/fr\/wp-json\/wp\/v2\/types\/page"}],"author":[{"embeddable":true,"href":"https:\/\/alingui.ch\/fr\/wp-json\/wp\/v2\/users\/1"}],"replies":[{"embeddable":true,"href":"https:\/\/alingui.ch\/fr\/wp-json\/wp\/v2\/comments?post=275"}],"version-history":[{"count":112,"href":"https:\/\/alingui.ch\/fr\/wp-json\/wp\/v2\/pages\/275\/revisions"}],"predecessor-version":[{"id":1435,"href":"https:\/\/alingui.ch\/fr\/wp-json\/wp\/v2\/pages\/275\/revisions\/1435"}],"wp:attachment":[{"href":"https:\/\/alingui.ch\/fr\/wp-json\/wp\/v2\/media?parent=275"}],"curies":[{"name":"wp","href":"https:\/\/api.w.org\/{rel}","templated":true}]}}